{"version":"1.0","type":"rich","provider_name":"Questions-Justice","provider_url":"https:\/\/questions-justice.be","title":"Le handicap d\u2019un \u00e9tudiant ne disparait pas \u00e0 ses 21 ans&nbsp;!","author_name":"","width":"150","height":"200","url":"http:\/\/www.questions-justice.be\/Le-handicap-d-un-etudiant-ne","html":"\u003Ch4 class='title'\u003E\u003Ca href='http:\/\/www.questions-justice.be\/Le-handicap-d-un-etudiant-ne'\u003ELe handicap d\u2019un \u00e9tudiant ne disparait pas \u00e0 ses 21 ans&nbsp;!\u003C\/a\u003E\u003C\/h4\u003E\u003Cblockquote class='spip'\u003E\n\u003Cp\u003EJusqu\u2019\u00e0 ses 21 ans, R\u00e9mi, jeune \u00e9tudiant en situation de handicap, a b\u00e9n\u00e9fici\u00e9 des allocations familiales et d\u2019un suppl\u00e9ment permettant de faire face aux d\u00e9penses suppl\u00e9mentaires li\u00e9es \u00e0 ce handicap. Ensuite, il n\u2019a plus pu b\u00e9n\u00e9ficier de ce suppl\u00e9ment. Estimant que la suppression de celui-ci n\u2019\u00e9tait pas justifi\u00e9e, le jeune homme s\u2019est alors adress\u00e9 au Tribunal du travail de Bruxelles. \n\u003Cbr class='autobr' \/\u003E\n Avant de voir le d\u00e9roulement de la plainte de R\u00e9mi, pr\u00e9cisons d\u2019abord ce que dit exactement la&nbsp;(\u2026)\u003C\/p\u003E\n\u003C\/blockquote\u003E\n"}